{"id":45923,"date":"2024-10-10T09:04:57","date_gmt":"2024-10-10T09:04:57","guid":{"rendered":"https:\/\/staging.wegwijzer024.nl\/?page_id=45923"},"modified":"2025-06-11T08:08:58","modified_gmt":"2025-06-11T08:08:58","slug":"disclaimer","status":"publish","type":"page","link":"https:\/\/wegwijzerbergendal.nl\/pl\/disclaimer\/","title":{"rendered":"Zastrze\u017cenie"},"content":{"rendered":"<div data-elementor-type=\"wp-page\" data-elementor-id=\"45923\" class=\"elementor elementor-45923\" data-elementor-post-type=\"page\">\n\t\t\t\t<div class=\"elementor-element elementor-element-720e0653 e-flex e-con-boxed e-con e-parent\" data-id=\"720e0653\" data-element_type=\"container\" data-e-type=\"container\">\n\t\t\t\t\t<div class=\"e-con-inner\">\n\t\t\t\t<div class=\"elementor-element elementor-element-51d60723 elementor-widget elementor-widget-text-editor\" data-id=\"51d60723\" data-element_type=\"widget\" data-e-type=\"widget\" data-widget_type=\"text-editor.default\">\n\t\t\t\t<div class=\"elementor-widget-container\">\n\t\t\t\t\t\t\t\t\t<h1><strong>Zastrze\u017cenie<\/strong><\/h1>\t\t\t\t\t\t\t\t<\/div>\n\t\t\t\t<\/div>\n\t\t\t\t\t<\/div>\n\t\t\t\t<\/div>\n\t\t<div class=\"elementor-element elementor-element-04e7de9 e-flex e-con-boxed e-con e-parent\" data-id=\"04e7de9\" data-element_type=\"container\" data-e-type=\"container\">\n\t\t\t\t\t<div class=\"e-con-inner\">\n\t\t\t\t\t<\/div>\n\t\t\t\t<\/div>\n\t\t<div class=\"elementor-element elementor-element-d112bdf e-flex e-con-boxed e-con e-parent\" data-id=\"d112bdf\" data-element_type=\"container\" data-e-type=\"container\">\n\t\t\t\t\t<div class=\"e-con-inner\">\n\t\t\t\t<div class=\"elementor-element elementor-element-74df11c elementor-widget elementor-widget-text-editor\" data-id=\"74df11c\" data-element_type=\"widget\" data-e-type=\"widget\" data-widget_type=\"text-editor.default\">\n\t\t\t\t<div class=\"elementor-widget-container\">\n\t\t\t\t\t\t\t\t\t<p>Wegwijzer Berg en Dal jest w\u0142asno\u015bci\u0105 intelektualn\u0105 gminy Berg en Dal.\u00a0<\/p><p>Wegwijzer Berg en Dal jest tworzona i zarz\u0105dzana z najwy\u017csz\u0105 staranno\u015bci\u0105. Administrator na bie\u017c\u0105co sprawdza zawarto\u015b\u0107 strony. Jeste\u015bmy jednak cz\u0119\u015bciowo zale\u017cni od organizator\u00f3w dzia\u0142a\u0144 w zakresie prawid\u0142owej zawarto\u015bci strony internetowej. Dlatego mo\u017cliwe jest, \u017ce niekt\u00f3re tre\u015bci s\u0105 nieaktualne, niekompletne lub nieprawid\u0142owe. Nie mo\u017cna zatem wywodzi\u0107 \u017cadnych praw z tre\u015bci Wegwijzer Berg en Dal. Gmina Berg en Dal nie ponosi r\u00f3wnie\u017c \u017cadnej odpowiedzialno\u015bci za szkody, niezale\u017cnie od ich charakteru, wynikaj\u0105ce z jakichkolwiek nieprawid\u0142owych informacji. Publikuj\u0105c informacje na tej stronie internetowej, gmina Berg en Dal nie przyjmuje na siebie \u017cadnych zobowi\u0105za\u0144 wobec os\u00f3b trzecich.<\/p><p><strong>Korzystanie z materia\u0142\u00f3w fotograficznych<\/strong><\/p><p>Gmina Berg en Dal nie ponosi odpowiedzialno\u015bci za materia\u0142y fotograficzne zamieszczane przez organizacje podczas ich dzia\u0142alno\u015bci i nie mo\u017ce by\u0107 poci\u0105gni\u0119ta do odpowiedzialno\u015bci finansowej z tego tytu\u0142u.<\/p><p><strong>Linki do stron zewn\u0119trznych<\/strong><\/p><p>Wegwijzer Berg en Dal zawiera linki do zewn\u0119trznych stron internetowych os\u00f3b trzecich i \u017ar\u00f3de\u0142 informacji dla wygody u\u017cytkownika. Gemeente Berg en Dal nie ponosi odpowiedzialno\u015bci za tre\u015b\u0107 tych stron internetowych lub \u017ar\u00f3de\u0142. W zwi\u0105zku z tym Gemeente Berg en Dal nie ponosi \u017cadnej odpowiedzialno\u015bci za konsekwencje korzystania z nich, ani za ochron\u0119 prywatno\u015bci na tych stronach, ani za oferowane przez nie us\u0142ugi lub produkty.<\/p><p><strong>Korzystanie z hiper\u0142\u0105czy<\/strong><\/p><p>Umieszczanie hiper\u0142\u0105czy do (stron) Wegwijzer Berg en Dal w celu rozpowszechnienia (informacji na) stronie internetowej w\u015br\u00f3d mieszka\u0144c\u00f3w Berg en Dal jest dozwolone dla mieszka\u0144c\u00f3w i partner\u00f3w bez zgody Gminy Berg en Dal. W celu umieszczenia hiper\u0142\u0105czy dla innych cel\u00f3w i\/lub u\u017cytkownik\u00f3w nale\u017cy najpierw poprosi\u0107 o pozwolenie Gmin\u0119 Berg en Dal.<\/p><p><strong>Kontakt<\/strong><\/p><p>Czy masz jakie\u015b pytania dotycz\u0105ce tego zastrze\u017cenia? Prosimy o przes\u0142anie wiadomo\u015bci e-mail na adres info@wegwijzerbergendal.nl.<\/p>\t\t\t\t\t\t\t\t<\/div>\n\t\t\t\t<\/div>\n\t\t\t\t\t<\/div>\n\t\t\t\t<\/div>\n\t\t\t\t<\/div>","protected":false},"excerpt":{"rendered":"<p>Disclaimer Wegwijzer Berg en Dal is het intellectuele eigendom van de Gemeente Berg en Dal.\u00a0 Wegwijzer Berg en Dal wordt met de grootst mogelijke zorgvuldigheid gemaakt en beheerd. De beheerder controleert de inhoud van de website doorlopend. Voor een juiste inhoud van de website zijn we echter mede afhankelijk de organisatoren van de activiteiten. Daardoor [&hellip;]<\/p>\n","protected":false},"author":2,"featured_media":0,"parent":0,"menu_order":0,"comment_status":"closed","ping_status":"closed","template":"","meta":{"_jf_save_progress":"","footnotes":""},"class_list":["post-45923","page","type-page","status-publish","hentry"],"_links":{"self":[{"href":"https:\/\/wegwijzerbergendal.nl\/pl\/wp-json\/wp\/v2\/pages\/45923","targetHints":{"allow":["GET"]}}],"collection":[{"href":"https:\/\/wegwijzerbergendal.nl\/pl\/wp-json\/wp\/v2\/pages"}],"about":[{"href":"https:\/\/wegwijzerbergendal.nl\/pl\/wp-json\/wp\/v2\/types\/page"}],"author":[{"embeddable":true,"href":"https:\/\/wegwijzerbergendal.nl\/pl\/wp-json\/wp\/v2\/users\/2"}],"replies":[{"embeddable":true,"href":"https:\/\/wegwijzerbergendal.nl\/pl\/wp-json\/wp\/v2\/comments?post=45923"}],"version-history":[{"count":0,"href":"https:\/\/wegwijzerbergendal.nl\/pl\/wp-json\/wp\/v2\/pages\/45923\/revisions"}],"wp:attachment":[{"href":"https:\/\/wegwijzerbergendal.nl\/pl\/wp-json\/wp\/v2\/media?parent=45923"}],"curies":[{"name":"wp","href":"https:\/\/api.w.org\/{rel}","templated":true}]}}