{"id":45923,"date":"2024-10-10T09:04:57","date_gmt":"2024-10-10T09:04:57","guid":{"rendered":"https:\/\/staging.wegwijzer024.nl\/?page_id=45923"},"modified":"2025-06-11T08:08:58","modified_gmt":"2025-06-11T08:08:58","slug":"disclaimer","status":"publish","type":"page","link":"https:\/\/wegwijzerbergendal.nl\/tr\/disclaimer\/","title":{"rendered":"Sorumluluk Reddi"},"content":{"rendered":"<div data-elementor-type=\"wp-page\" data-elementor-id=\"45923\" class=\"elementor elementor-45923\" data-elementor-post-type=\"page\">\n\t\t\t\t<div class=\"elementor-element elementor-element-720e0653 e-flex e-con-boxed e-con e-parent\" data-id=\"720e0653\" data-element_type=\"container\" data-e-type=\"container\">\n\t\t\t\t\t<div class=\"e-con-inner\">\n\t\t\t\t<div class=\"elementor-element elementor-element-51d60723 elementor-widget elementor-widget-text-editor\" data-id=\"51d60723\" data-element_type=\"widget\" data-e-type=\"widget\" data-widget_type=\"text-editor.default\">\n\t\t\t\t<div class=\"elementor-widget-container\">\n\t\t\t\t\t\t\t\t\t<h1><strong>Sorumluluk Reddi<\/strong><\/h1>\t\t\t\t\t\t\t\t<\/div>\n\t\t\t\t<\/div>\n\t\t\t\t\t<\/div>\n\t\t\t\t<\/div>\n\t\t<div class=\"elementor-element elementor-element-04e7de9 e-flex e-con-boxed e-con e-parent\" data-id=\"04e7de9\" data-element_type=\"container\" data-e-type=\"container\">\n\t\t\t\t\t<div class=\"e-con-inner\">\n\t\t\t\t\t<\/div>\n\t\t\t\t<\/div>\n\t\t<div class=\"elementor-element elementor-element-d112bdf e-flex e-con-boxed e-con e-parent\" data-id=\"d112bdf\" data-element_type=\"container\" data-e-type=\"container\">\n\t\t\t\t\t<div class=\"e-con-inner\">\n\t\t\t\t<div class=\"elementor-element elementor-element-74df11c elementor-widget elementor-widget-text-editor\" data-id=\"74df11c\" data-element_type=\"widget\" data-e-type=\"widget\" data-widget_type=\"text-editor.default\">\n\t\t\t\t<div class=\"elementor-widget-container\">\n\t\t\t\t\t\t\t\t\t<p>Wegwijzer Berg en Dal, Berg en Dal Belediyesi'nin fikri m\u00fclkiyetidir.\u00a0<\/p><p>Wegwijzer Berg en Dal azami \u00f6zen g\u00f6sterilerek olu\u015fturulur ve y\u00f6netilir. Y\u00f6netici, web sitesinin i\u00e7eri\u011fini s\u00fcrekli olarak kontrol etmektedir. Bununla birlikte, web sitesinin do\u011fru i\u00e7eri\u011fi i\u00e7in k\u0131smen faaliyetlerin organizat\u00f6rlerine ba\u011f\u0131ml\u0131y\u0131z. Bu nedenle baz\u0131 i\u00e7eriklerin g\u00fcncel olmamas\u0131, eksik veya yanl\u0131\u015f olmas\u0131 m\u00fcmk\u00fcnd\u00fcr. Bu nedenle Wegwijzer Berg en Dal'\u0131n i\u00e7eri\u011finden hi\u00e7bir hak elde edilemez. Berg en Dal Belediyesi, yanl\u0131\u015f bilgilerden kaynaklanan ve niteli\u011fi ne olursa olsun herhangi bir zarar i\u00e7in sorumluluk kabul etmez. Berg en Dal Belediyesi, bu web sitesinde bilgi yay\u0131nlayarak \u00fc\u00e7\u00fcnc\u00fc taraflara kar\u015f\u0131 herhangi bir y\u00fck\u00fcml\u00fcl\u00fck \u00fcstlenmez.<\/p><p><strong>Foto\u011frafik materyal kullan\u0131m\u0131<\/strong><\/p><p>Berg en Dal belediyesi, kurulu\u015flar\u0131n etkinliklerinde yay\u0131nlad\u0131klar\u0131 foto\u011fraflarla ilgili hi\u00e7bir sorumluluk kabul etmez ve bundan dolay\u0131 parasal olarak sorumlu tutulamaz.<\/p><p><strong>Harici sitelere ba\u011flant\u0131lar<\/strong><\/p><p>Wegwijzer Berg en Dal, kullan\u0131c\u0131ya kolayl\u0131k sa\u011flamak amac\u0131yla harici \u00fc\u00e7\u00fcnc\u00fc taraf web sitelerine ve bilgi kaynaklar\u0131na ba\u011flant\u0131lar i\u00e7erir. Gemeente Berg en Dal bu web sitelerinin veya kaynaklar\u0131n i\u00e7eri\u011finden sorumlu de\u011fildir. Bu nedenle, Gemeente Berg en Dal, bu web sitelerinin kullan\u0131m\u0131n\u0131n sonu\u00e7lar\u0131, bu web sitelerindeki gizlilik korumas\u0131 veya sunduklar\u0131 hizmetler veya \u00fcr\u00fcnler i\u00e7in herhangi bir sorumluluk kabul etmez.<\/p><p><strong>K\u00f6pr\u00fclerin kullan\u0131m\u0131<\/strong><\/p><p>Web sitesindeki bilgilerin Berg en Dal sakinleri taraf\u0131ndan daha yayg\u0131n bir \u015fekilde bilinmesini sa\u011flamak amac\u0131yla Wegwijzer Berg en Dal'\u0131n (sayfalar\u0131na) k\u00f6pr\u00fcler yerle\u015ftirmek, Berg en Dal Belediyesi'nin izni olmadan sakinler ve ortaklar i\u00e7in izin verilir. Ba\u015fka ama\u00e7lar ve\/veya kullan\u0131c\u0131lar i\u00e7in hiperlinkler yerle\u015ftirmek i\u00e7in \u00f6ncelikle Berg en Dal Belediyesi'nden izin almal\u0131s\u0131n\u0131z.<\/p><p><strong>\u0130leti\u015fim<\/strong><\/p><p>Bu feragatname hakk\u0131nda herhangi bir sorunuz var m\u0131? L\u00fctfen info@wegwijzerbergendal.nl adresine e-posta g\u00f6nderin.<\/p>\t\t\t\t\t\t\t\t<\/div>\n\t\t\t\t<\/div>\n\t\t\t\t\t<\/div>\n\t\t\t\t<\/div>\n\t\t\t\t<\/div>","protected":false},"excerpt":{"rendered":"<p>Disclaimer Wegwijzer Berg en Dal is het intellectuele eigendom van de Gemeente Berg en Dal.\u00a0 Wegwijzer Berg en Dal wordt met de grootst mogelijke zorgvuldigheid gemaakt en beheerd. De beheerder controleert de inhoud van de website doorlopend. Voor een juiste inhoud van de website zijn we echter mede afhankelijk de organisatoren van de activiteiten. Daardoor [&hellip;]<\/p>\n","protected":false},"author":2,"featured_media":0,"parent":0,"menu_order":0,"comment_status":"closed","ping_status":"closed","template":"","meta":{"_jf_save_progress":"","footnotes":""},"class_list":["post-45923","page","type-page","status-publish","hentry"],"_links":{"self":[{"href":"https:\/\/wegwijzerbergendal.nl\/tr\/wp-json\/wp\/v2\/pages\/45923","targetHints":{"allow":["GET"]}}],"collection":[{"href":"https:\/\/wegwijzerbergendal.nl\/tr\/wp-json\/wp\/v2\/pages"}],"about":[{"href":"https:\/\/wegwijzerbergendal.nl\/tr\/wp-json\/wp\/v2\/types\/page"}],"author":[{"embeddable":true,"href":"https:\/\/wegwijzerbergendal.nl\/tr\/wp-json\/wp\/v2\/users\/2"}],"replies":[{"embeddable":true,"href":"https:\/\/wegwijzerbergendal.nl\/tr\/wp-json\/wp\/v2\/comments?post=45923"}],"version-history":[{"count":0,"href":"https:\/\/wegwijzerbergendal.nl\/tr\/wp-json\/wp\/v2\/pages\/45923\/revisions"}],"wp:attachment":[{"href":"https:\/\/wegwijzerbergendal.nl\/tr\/wp-json\/wp\/v2\/media?parent=45923"}],"curies":[{"name":"wp","href":"https:\/\/api.w.org\/{rel}","templated":true}]}}